{"id":297,"date":"2021-04-29T22:46:09","date_gmt":"2021-04-29T20:46:09","guid":{"rendered":"https:\/\/crkdrpaysdelaloire.wordpress.com\/?page_id=297"},"modified":"2021-11-16T21:58:58","modified_gmt":"2021-11-16T20:58:58","slug":"historique-de-la-crkdr","status":"publish","type":"page","link":"https:\/\/crkdrpaysdelaloire.fr\/index.php\/home\/historique-de-la-crkdr\/","title":{"rendered":"Nos pionniers"},"content":{"rendered":"\n<p><strong>Avant la cr\u00e9ation administrative de la CRKDR des Pays de la Loire au mois d\u2019Ao\u00fbt 1985 lors du 1<sup>er<\/sup> stage international de Kendo organis\u00e9 \u00e0 Fontenay le Comte par le Kendo Club Lillois, la r\u00e9gion connaissait d\u00e9j\u00e0 la pratique du Kendo gr\u00e2ce \u00e0 quelques pionniers :<\/strong><\/p>\n\n\n\n<ul class=\"wp-block-list\"><li><strong>Premi\u00e8re organisation dans les Pays de la Loire d\u2019une manifestation Nationale<\/strong>&nbsp;: La Coupe de France \u00e0 Fontenay le Comte en<strong> avril 1984<\/strong> avec la venue du 1<sup>er<\/sup> Sense\u00ef en Pays de la Loire&nbsp;:&nbsp;Ma\u00eetre&nbsp; KATO Koji Sense\u00ef 7<sup>\u00e8me<\/sup> dan Kyoshi enseignant de la police du Palais Imp\u00e9rial de Tokyo.<\/li><\/ul>\n\n\n\n<figure class=\"wp-block-image size-large\"><img loading=\"lazy\" decoding=\"async\" width=\"1024\" height=\"724\" src=\"http:\/\/crkdrpaysdelaloire.fr\/wp-content\/uploads\/2021\/11\/N\u00b01-1ere-coupe-de-France-organisee-dans-la-region-des-Pays-de-la-Loire-Avril-1984-par-le-JKCF-1024x724.jpg\" alt=\"\" class=\"wp-image-1316\" srcset=\"https:\/\/crkdrpaysdelaloire.fr\/wp-content\/uploads\/2021\/11\/N\u00b01-1ere-coupe-de-France-organisee-dans-la-region-des-Pays-de-la-Loire-Avril-1984-par-le-JKCF-1024x724.jpg 1024w, https:\/\/crkdrpaysdelaloire.fr\/wp-content\/uploads\/2021\/11\/N\u00b01-1ere-coupe-de-France-organisee-dans-la-region-des-Pays-de-la-Loire-Avril-1984-par-le-JKCF-300x212.jpg 300w, https:\/\/crkdrpaysdelaloire.fr\/wp-content\/uploads\/2021\/11\/N\u00b01-1ere-coupe-de-France-organisee-dans-la-region-des-Pays-de-la-Loire-Avril-1984-par-le-JKCF-768x543.jpg 768w, https:\/\/crkdrpaysdelaloire.fr\/wp-content\/uploads\/2021\/11\/N\u00b01-1ere-coupe-de-France-organisee-dans-la-region-des-Pays-de-la-Loire-Avril-1984-par-le-JKCF-1536x1086.jpg 1536w, https:\/\/crkdrpaysdelaloire.fr\/wp-content\/uploads\/2021\/11\/N\u00b01-1ere-coupe-de-France-organisee-dans-la-region-des-Pays-de-la-Loire-Avril-1984-par-le-JKCF-2048x1448.jpg 2048w, https:\/\/crkdrpaysdelaloire.fr\/wp-content\/uploads\/2021\/11\/N\u00b01-1ere-coupe-de-France-organisee-dans-la-region-des-Pays-de-la-Loire-Avril-1984-par-le-JKCF-1568x1109.jpg 1568w\" sizes=\"auto, (max-width: 1024px) 100vw, 1024px\" \/><\/figure>\n\n\n\n<ul class=\"wp-block-list\"><li><strong>1<sup>\u00e8re<\/sup> participation aux s\u00e9lections interr\u00e9gionales<\/strong> \u00e0 Ch\u00e2teauroux &nbsp;le 05 <strong>janvier 1985<\/strong> d\u2019une \u00e9quipe des Pays de la Loire&nbsp;: le JKCF avec Philippe GRIS, Daniel LABOUREUX, Jean CHAMPIGNE, Christiane DAVID, Jean Claude BOUSIQUE. L\u2019\u00e9quipe termine troisi\u00e8me de ce championnat interr\u00e9gional Centre et se qualifie pour le Championnat de France !<\/li><\/ul>\n\n\n\n<ul class=\"wp-block-list\"><li><strong>Premi\u00e8re participation d\u2019une \u00e9quipe des Pays de la Loire au Championnat de France<\/strong> en <strong>avril 1985<\/strong> avec le Judo Kendo Club Fontenaisien, compos\u00e9e de&nbsp;: Philippe GRIS, Daniel LABOUREUX, Jean CHAMPIGNE, Christiane DAVID, Jean Claude BOUSIQUE.<\/li><\/ul>\n\n\n\n<figure class=\"wp-block-image size-large\"><img loading=\"lazy\" decoding=\"async\" width=\"724\" height=\"1024\" src=\"http:\/\/crkdrpaysdelaloire.fr\/wp-content\/uploads\/2021\/11\/N\u00b02-1ere-participation-dune-equipe-PDL-au-championnat-de-France-1985-VK-N\u00b017-724x1024.jpg\" alt=\"\" class=\"wp-image-1303\" srcset=\"https:\/\/crkdrpaysdelaloire.fr\/wp-content\/uploads\/2021\/11\/N\u00b02-1ere-participation-dune-equipe-PDL-au-championnat-de-France-1985-VK-N\u00b017-724x1024.jpg 724w, https:\/\/crkdrpaysdelaloire.fr\/wp-content\/uploads\/2021\/11\/N\u00b02-1ere-participation-dune-equipe-PDL-au-championnat-de-France-1985-VK-N\u00b017-212x300.jpg 212w, https:\/\/crkdrpaysdelaloire.fr\/wp-content\/uploads\/2021\/11\/N\u00b02-1ere-participation-dune-equipe-PDL-au-championnat-de-France-1985-VK-N\u00b017-768x1086.jpg 768w, https:\/\/crkdrpaysdelaloire.fr\/wp-content\/uploads\/2021\/11\/N\u00b02-1ere-participation-dune-equipe-PDL-au-championnat-de-France-1985-VK-N\u00b017-1086x1536.jpg 1086w, https:\/\/crkdrpaysdelaloire.fr\/wp-content\/uploads\/2021\/11\/N\u00b02-1ere-participation-dune-equipe-PDL-au-championnat-de-France-1985-VK-N\u00b017-1448x2048.jpg 1448w, https:\/\/crkdrpaysdelaloire.fr\/wp-content\/uploads\/2021\/11\/N\u00b02-1ere-participation-dune-equipe-PDL-au-championnat-de-France-1985-VK-N\u00b017-1568x2218.jpg 1568w, https:\/\/crkdrpaysdelaloire.fr\/wp-content\/uploads\/2021\/11\/N\u00b02-1ere-participation-dune-equipe-PDL-au-championnat-de-France-1985-VK-N\u00b017-scaled.jpg 1810w\" sizes=\"auto, (max-width: 724px) 100vw, 724px\" \/><\/figure>\n\n\n\n<div class=\"wp-block-image\"><figure class=\"aligncenter size-large\"><img loading=\"lazy\" decoding=\"async\" width=\"724\" height=\"1024\" src=\"http:\/\/crkdrpaysdelaloire.fr\/wp-content\/uploads\/2021\/11\/N\u00b03-1ere-Equipe-de-la-CRKPDL-a-participer-a-un-Championnat-de-France-en-1985-724x1024.jpg\" alt=\"\" class=\"wp-image-1304\" srcset=\"https:\/\/crkdrpaysdelaloire.fr\/wp-content\/uploads\/2021\/11\/N\u00b03-1ere-Equipe-de-la-CRKPDL-a-participer-a-un-Championnat-de-France-en-1985-724x1024.jpg 724w, https:\/\/crkdrpaysdelaloire.fr\/wp-content\/uploads\/2021\/11\/N\u00b03-1ere-Equipe-de-la-CRKPDL-a-participer-a-un-Championnat-de-France-en-1985-212x300.jpg 212w, https:\/\/crkdrpaysdelaloire.fr\/wp-content\/uploads\/2021\/11\/N\u00b03-1ere-Equipe-de-la-CRKPDL-a-participer-a-un-Championnat-de-France-en-1985-768x1086.jpg 768w, https:\/\/crkdrpaysdelaloire.fr\/wp-content\/uploads\/2021\/11\/N\u00b03-1ere-Equipe-de-la-CRKPDL-a-participer-a-un-Championnat-de-France-en-1985-1086x1536.jpg 1086w, https:\/\/crkdrpaysdelaloire.fr\/wp-content\/uploads\/2021\/11\/N\u00b03-1ere-Equipe-de-la-CRKPDL-a-participer-a-un-Championnat-de-France-en-1985-1448x2048.jpg 1448w, https:\/\/crkdrpaysdelaloire.fr\/wp-content\/uploads\/2021\/11\/N\u00b03-1ere-Equipe-de-la-CRKPDL-a-participer-a-un-Championnat-de-France-en-1985-1568x2218.jpg 1568w, https:\/\/crkdrpaysdelaloire.fr\/wp-content\/uploads\/2021\/11\/N\u00b03-1ere-Equipe-de-la-CRKPDL-a-participer-a-un-Championnat-de-France-en-1985-scaled.jpg 1810w\" sizes=\"auto, (max-width: 724px) 100vw, 724px\" \/><\/figure><\/div>\n\n\n\n<hr class=\"wp-block-separator\"\/>\n\n\n\n<p><strong>Des \u00e9v\u00e8nements se sont ensuite enchain\u00e9s jusqu&rsquo;en 1990:<\/strong><\/p>\n\n\n\n<ul class=\"wp-block-list\"><li><strong>1<sup>er <\/sup>Championnat interr\u00e9gional organis\u00e9 par la CRK PDL<\/strong> les 10 et 11 <strong>janvier 1987<\/strong> avec les quatre r\u00e9gions&nbsp;: Bretagne \/Pays de la Loire\/Poitou-Charentes&nbsp;\/Touraine-Berry-Orl\u00e9anais&nbsp; \u00e0 Fontenay le Comte.<\/li><\/ul>\n\n\n\n<div class=\"wp-block-image\"><figure class=\"aligncenter size-large\"><img loading=\"lazy\" decoding=\"async\" width=\"724\" height=\"1024\" src=\"http:\/\/crkdrpaysdelaloire.fr\/wp-content\/uploads\/2021\/11\/N\u00b05-resultats-du-1er-championnat-inter-regional-avec-des-PDL-1987-echo-dojo-n\u00b01-724x1024.jpg\" alt=\"\" class=\"wp-image-1306\" srcset=\"https:\/\/crkdrpaysdelaloire.fr\/wp-content\/uploads\/2021\/11\/N\u00b05-resultats-du-1er-championnat-inter-regional-avec-des-PDL-1987-echo-dojo-n\u00b01-724x1024.jpg 724w, https:\/\/crkdrpaysdelaloire.fr\/wp-content\/uploads\/2021\/11\/N\u00b05-resultats-du-1er-championnat-inter-regional-avec-des-PDL-1987-echo-dojo-n\u00b01-212x300.jpg 212w, https:\/\/crkdrpaysdelaloire.fr\/wp-content\/uploads\/2021\/11\/N\u00b05-resultats-du-1er-championnat-inter-regional-avec-des-PDL-1987-echo-dojo-n\u00b01-768x1086.jpg 768w, https:\/\/crkdrpaysdelaloire.fr\/wp-content\/uploads\/2021\/11\/N\u00b05-resultats-du-1er-championnat-inter-regional-avec-des-PDL-1987-echo-dojo-n\u00b01-1086x1536.jpg 1086w, https:\/\/crkdrpaysdelaloire.fr\/wp-content\/uploads\/2021\/11\/N\u00b05-resultats-du-1er-championnat-inter-regional-avec-des-PDL-1987-echo-dojo-n\u00b01-1448x2048.jpg 1448w, https:\/\/crkdrpaysdelaloire.fr\/wp-content\/uploads\/2021\/11\/N\u00b05-resultats-du-1er-championnat-inter-regional-avec-des-PDL-1987-echo-dojo-n\u00b01-1568x2218.jpg 1568w, https:\/\/crkdrpaysdelaloire.fr\/wp-content\/uploads\/2021\/11\/N\u00b05-resultats-du-1er-championnat-inter-regional-avec-des-PDL-1987-echo-dojo-n\u00b01-scaled.jpg 1810w\" sizes=\"auto, (max-width: 724px) 100vw, 724px\" \/><\/figure><\/div>\n\n\n\n<ul class=\"wp-block-list\"><li><strong>1<sup>er<\/sup> Stage d\u2019Inter r\u00e9gions organis\u00e9 par la CRK PDL<\/strong> les 7 et 8 <strong>novembre 1987<\/strong> \u00e0 Fontenay le Comte avec&nbsp;: la Bretagne (le club de Quiberon), le Maine et Loire (le club d\u2019Angers), La Charente (le club de Cognac)&nbsp; et&nbsp; la Charente Maritime (le club de la Rochelle). <\/li><\/ul>\n\n\n\n<figure class=\"wp-block-image size-large\"><img loading=\"lazy\" decoding=\"async\" width=\"724\" height=\"1024\" src=\"http:\/\/crkdrpaysdelaloire.fr\/wp-content\/uploads\/2021\/11\/N\u00b06-1er-championnat-inter-regional-organise-dans-la-CRKPDL-Janvier-1987-724x1024.jpg\" alt=\"\" class=\"wp-image-1307\" srcset=\"https:\/\/crkdrpaysdelaloire.fr\/wp-content\/uploads\/2021\/11\/N\u00b06-1er-championnat-inter-regional-organise-dans-la-CRKPDL-Janvier-1987-724x1024.jpg 724w, https:\/\/crkdrpaysdelaloire.fr\/wp-content\/uploads\/2021\/11\/N\u00b06-1er-championnat-inter-regional-organise-dans-la-CRKPDL-Janvier-1987-212x300.jpg 212w, https:\/\/crkdrpaysdelaloire.fr\/wp-content\/uploads\/2021\/11\/N\u00b06-1er-championnat-inter-regional-organise-dans-la-CRKPDL-Janvier-1987-768x1086.jpg 768w, https:\/\/crkdrpaysdelaloire.fr\/wp-content\/uploads\/2021\/11\/N\u00b06-1er-championnat-inter-regional-organise-dans-la-CRKPDL-Janvier-1987-1086x1536.jpg 1086w, https:\/\/crkdrpaysdelaloire.fr\/wp-content\/uploads\/2021\/11\/N\u00b06-1er-championnat-inter-regional-organise-dans-la-CRKPDL-Janvier-1987-1448x2048.jpg 1448w, https:\/\/crkdrpaysdelaloire.fr\/wp-content\/uploads\/2021\/11\/N\u00b06-1er-championnat-inter-regional-organise-dans-la-CRKPDL-Janvier-1987-1568x2218.jpg 1568w, https:\/\/crkdrpaysdelaloire.fr\/wp-content\/uploads\/2021\/11\/N\u00b06-1er-championnat-inter-regional-organise-dans-la-CRKPDL-Janvier-1987-scaled.jpg 1810w\" sizes=\"auto, (max-width: 724px) 100vw, 724px\" \/><\/figure>\n\n\n\n<ul class=\"wp-block-list\"><li><strong>1<sup>er<\/sup> stage national Jeune dans la CRK PDL<\/strong> \u00e0 Fontenay le Comte <strong>28 octobre 1990<\/strong> encadr\u00e9 par Jean Pierre RAICK DTR Nord et Bernard DEBACKER du Kendo club Lillois, Patrice NAEGELE DTR Bretagne et Christiane DAVID DTR Pays de la Loire.<\/li><\/ul>\n\n\n\n<div class=\"wp-block-image\"><figure class=\"aligncenter size-large\"><img loading=\"lazy\" decoding=\"async\" width=\"724\" height=\"1024\" src=\"http:\/\/crkdrpaysdelaloire.fr\/wp-content\/uploads\/2021\/11\/N\u00b07-1er-stage-national-jeune-dans-les-Pays-de-la-Loire-28-octobre-1990-echo-des-dojo-n\u00b024-724x1024.jpg\" alt=\"\" class=\"wp-image-1308\" srcset=\"https:\/\/crkdrpaysdelaloire.fr\/wp-content\/uploads\/2021\/11\/N\u00b07-1er-stage-national-jeune-dans-les-Pays-de-la-Loire-28-octobre-1990-echo-des-dojo-n\u00b024-724x1024.jpg 724w, https:\/\/crkdrpaysdelaloire.fr\/wp-content\/uploads\/2021\/11\/N\u00b07-1er-stage-national-jeune-dans-les-Pays-de-la-Loire-28-octobre-1990-echo-des-dojo-n\u00b024-212x300.jpg 212w, https:\/\/crkdrpaysdelaloire.fr\/wp-content\/uploads\/2021\/11\/N\u00b07-1er-stage-national-jeune-dans-les-Pays-de-la-Loire-28-octobre-1990-echo-des-dojo-n\u00b024-768x1086.jpg 768w, https:\/\/crkdrpaysdelaloire.fr\/wp-content\/uploads\/2021\/11\/N\u00b07-1er-stage-national-jeune-dans-les-Pays-de-la-Loire-28-octobre-1990-echo-des-dojo-n\u00b024-1086x1536.jpg 1086w, https:\/\/crkdrpaysdelaloire.fr\/wp-content\/uploads\/2021\/11\/N\u00b07-1er-stage-national-jeune-dans-les-Pays-de-la-Loire-28-octobre-1990-echo-des-dojo-n\u00b024-1448x2048.jpg 1448w, https:\/\/crkdrpaysdelaloire.fr\/wp-content\/uploads\/2021\/11\/N\u00b07-1er-stage-national-jeune-dans-les-Pays-de-la-Loire-28-octobre-1990-echo-des-dojo-n\u00b024-1568x2218.jpg 1568w, https:\/\/crkdrpaysdelaloire.fr\/wp-content\/uploads\/2021\/11\/N\u00b07-1er-stage-national-jeune-dans-les-Pays-de-la-Loire-28-octobre-1990-echo-des-dojo-n\u00b024-scaled.jpg 1810w\" sizes=\"auto, (max-width: 724px) 100vw, 724px\" \/><\/figure><\/div>\n\n\n\n<hr class=\"wp-block-separator\"\/>\n\n\n\n<h2 class=\"has-text-align-center wp-block-heading\">Autres temps forts les ann\u00e9es suivantes<\/h2>\n\n\n\n<div class=\"wp-block-columns is-layout-flex wp-container-core-columns-is-layout-28f84493 wp-block-columns-is-layout-flex\">\n<div class=\"wp-block-column is-layout-flow wp-block-column-is-layout-flow\" style=\"flex-basis:100%\">\n<ul class=\"wp-block-list\"><li><strong>Cr\u00e9ation de la premi\u00e8re et derni\u00e8re section r\u00e9gionale scolaire de Kendo en France<\/strong> qui durera 3 ann\u00e9es. De l\u2019ann\u00e9e scolaire 2000\/2001 \u00e0 l\u2019ann\u00e9e scolaire 2002\/2003. Faute de recrutement de jeune kendo\u00efste cette section r\u00e9gionale scolaire a \u00e9t\u00e9 ferm\u00e9e en 2003\/2004. Les jeunes qui l\u2019ont constitu\u00e9&nbsp;: Elodie GARCIA, Damien PINAUDEAU, Fran\u00e7ois JOUSSEAUME, Gilles DELAHAYE, St\u00e9phane PLOQUIN, C\u00e9cile PLOQUIN.<\/li><\/ul>\n\n\n\n<div class=\"wp-block-image\"><figure class=\"aligncenter size-large\"><img loading=\"lazy\" decoding=\"async\" width=\"724\" height=\"1024\" src=\"http:\/\/crkdrpaysdelaloire.fr\/wp-content\/uploads\/2021\/11\/N\u00b08-Creation-de-la-SSR-kendo-novembre-2000-724x1024.jpg\" alt=\"\" class=\"wp-image-1309\" srcset=\"https:\/\/crkdrpaysdelaloire.fr\/wp-content\/uploads\/2021\/11\/N\u00b08-Creation-de-la-SSR-kendo-novembre-2000-724x1024.jpg 724w, https:\/\/crkdrpaysdelaloire.fr\/wp-content\/uploads\/2021\/11\/N\u00b08-Creation-de-la-SSR-kendo-novembre-2000-212x300.jpg 212w, https:\/\/crkdrpaysdelaloire.fr\/wp-content\/uploads\/2021\/11\/N\u00b08-Creation-de-la-SSR-kendo-novembre-2000-768x1086.jpg 768w, https:\/\/crkdrpaysdelaloire.fr\/wp-content\/uploads\/2021\/11\/N\u00b08-Creation-de-la-SSR-kendo-novembre-2000-1086x1536.jpg 1086w, https:\/\/crkdrpaysdelaloire.fr\/wp-content\/uploads\/2021\/11\/N\u00b08-Creation-de-la-SSR-kendo-novembre-2000-1448x2048.jpg 1448w, https:\/\/crkdrpaysdelaloire.fr\/wp-content\/uploads\/2021\/11\/N\u00b08-Creation-de-la-SSR-kendo-novembre-2000-1568x2218.jpg 1568w, https:\/\/crkdrpaysdelaloire.fr\/wp-content\/uploads\/2021\/11\/N\u00b08-Creation-de-la-SSR-kendo-novembre-2000-scaled.jpg 1810w\" sizes=\"auto, (max-width: 724px) 100vw, 724px\" \/><\/figure><\/div>\n\n\n\n<ul class=\"wp-block-list\"><li><strong>D\u2019un stage national d\u2019enseignement<\/strong> saison 1992\/93 &nbsp;avec le passage du BFEK maintenant appel\u00e9 le CFEB&nbsp;<\/li><\/ul>\n\n\n\n<div class=\"wp-block-image\"><figure class=\"aligncenter size-large\"><img loading=\"lazy\" decoding=\"async\" width=\"724\" height=\"1024\" src=\"http:\/\/crkdrpaysdelaloire.fr\/wp-content\/uploads\/2021\/11\/N\u00b09-Stage-National-denseignement-en-PDL-1992-1993-724x1024.jpg\" alt=\"\" class=\"wp-image-1310\" srcset=\"https:\/\/crkdrpaysdelaloire.fr\/wp-content\/uploads\/2021\/11\/N\u00b09-Stage-National-denseignement-en-PDL-1992-1993-724x1024.jpg 724w, https:\/\/crkdrpaysdelaloire.fr\/wp-content\/uploads\/2021\/11\/N\u00b09-Stage-National-denseignement-en-PDL-1992-1993-212x300.jpg 212w, https:\/\/crkdrpaysdelaloire.fr\/wp-content\/uploads\/2021\/11\/N\u00b09-Stage-National-denseignement-en-PDL-1992-1993-768x1086.jpg 768w, https:\/\/crkdrpaysdelaloire.fr\/wp-content\/uploads\/2021\/11\/N\u00b09-Stage-National-denseignement-en-PDL-1992-1993-1086x1536.jpg 1086w, https:\/\/crkdrpaysdelaloire.fr\/wp-content\/uploads\/2021\/11\/N\u00b09-Stage-National-denseignement-en-PDL-1992-1993-1448x2048.jpg 1448w, https:\/\/crkdrpaysdelaloire.fr\/wp-content\/uploads\/2021\/11\/N\u00b09-Stage-National-denseignement-en-PDL-1992-1993-1568x2218.jpg 1568w, https:\/\/crkdrpaysdelaloire.fr\/wp-content\/uploads\/2021\/11\/N\u00b09-Stage-National-denseignement-en-PDL-1992-1993-scaled.jpg 1810w\" sizes=\"auto, (max-width: 724px) 100vw, 724px\" \/><\/figure><\/div>\n\n\n\n<ul class=\"wp-block-list\"><li><strong>COUPE DE<\/strong> <strong>FRANCE PAR EQUIPE DE REGIONS <\/strong>en 1993\/1994&nbsp;et du CRITERIUM NATIONAL JEUNES<\/li><\/ul>\n\n\n\n<div class=\"wp-block-image\"><figure class=\"aligncenter size-large\"><img loading=\"lazy\" decoding=\"async\" width=\"724\" height=\"1024\" src=\"http:\/\/crkdrpaysdelaloire.fr\/wp-content\/uploads\/2021\/11\/N\u00b010-coupe-de-France-region-et-Jeunes-juin-1994-724x1024.jpg\" alt=\"\" class=\"wp-image-1311\" srcset=\"https:\/\/crkdrpaysdelaloire.fr\/wp-content\/uploads\/2021\/11\/N\u00b010-coupe-de-France-region-et-Jeunes-juin-1994-724x1024.jpg 724w, https:\/\/crkdrpaysdelaloire.fr\/wp-content\/uploads\/2021\/11\/N\u00b010-coupe-de-France-region-et-Jeunes-juin-1994-212x300.jpg 212w, https:\/\/crkdrpaysdelaloire.fr\/wp-content\/uploads\/2021\/11\/N\u00b010-coupe-de-France-region-et-Jeunes-juin-1994-768x1086.jpg 768w, https:\/\/crkdrpaysdelaloire.fr\/wp-content\/uploads\/2021\/11\/N\u00b010-coupe-de-France-region-et-Jeunes-juin-1994-1086x1536.jpg 1086w, https:\/\/crkdrpaysdelaloire.fr\/wp-content\/uploads\/2021\/11\/N\u00b010-coupe-de-France-region-et-Jeunes-juin-1994-1448x2048.jpg 1448w, https:\/\/crkdrpaysdelaloire.fr\/wp-content\/uploads\/2021\/11\/N\u00b010-coupe-de-France-region-et-Jeunes-juin-1994-1568x2218.jpg 1568w, https:\/\/crkdrpaysdelaloire.fr\/wp-content\/uploads\/2021\/11\/N\u00b010-coupe-de-France-region-et-Jeunes-juin-1994-scaled.jpg 1810w\" sizes=\"auto, (max-width: 724px) 100vw, 724px\" \/><\/figure><\/div>\n\n\n\n<ul class=\"wp-block-list\"><li><strong>Stage National Equipe de France<\/strong> avec KASAMURA Sense\u00ef en novembre 1994<\/li><\/ul>\n\n\n\n<figure class=\"wp-block-image size-large\"><img loading=\"lazy\" decoding=\"async\" width=\"2560\" height=\"1442\" src=\"http:\/\/crkdrpaysdelaloire.fr\/wp-content\/uploads\/2021\/11\/N\u00b011-Stage-equipe-de-FRANCE-en-PDL-avec-KASAMURA-SenseI-1994-1995-edited-scaled.jpg\" alt=\"\" class=\"wp-image-1315\" srcset=\"https:\/\/crkdrpaysdelaloire.fr\/wp-content\/uploads\/2021\/11\/N\u00b011-Stage-equipe-de-FRANCE-en-PDL-avec-KASAMURA-SenseI-1994-1995-edited-scaled.jpg 2560w, https:\/\/crkdrpaysdelaloire.fr\/wp-content\/uploads\/2021\/11\/N\u00b011-Stage-equipe-de-FRANCE-en-PDL-avec-KASAMURA-SenseI-1994-1995-edited-300x169.jpg 300w, https:\/\/crkdrpaysdelaloire.fr\/wp-content\/uploads\/2021\/11\/N\u00b011-Stage-equipe-de-FRANCE-en-PDL-avec-KASAMURA-SenseI-1994-1995-edited-1024x577.jpg 1024w, https:\/\/crkdrpaysdelaloire.fr\/wp-content\/uploads\/2021\/11\/N\u00b011-Stage-equipe-de-FRANCE-en-PDL-avec-KASAMURA-SenseI-1994-1995-edited-768x432.jpg 768w, https:\/\/crkdrpaysdelaloire.fr\/wp-content\/uploads\/2021\/11\/N\u00b011-Stage-equipe-de-FRANCE-en-PDL-avec-KASAMURA-SenseI-1994-1995-edited-1536x865.jpg 1536w, https:\/\/crkdrpaysdelaloire.fr\/wp-content\/uploads\/2021\/11\/N\u00b011-Stage-equipe-de-FRANCE-en-PDL-avec-KASAMURA-SenseI-1994-1995-edited-2048x1153.jpg 2048w, https:\/\/crkdrpaysdelaloire.fr\/wp-content\/uploads\/2021\/11\/N\u00b011-Stage-equipe-de-FRANCE-en-PDL-avec-KASAMURA-SenseI-1994-1995-edited-1568x883.jpg 1568w\" sizes=\"auto, (max-width: 2560px) 100vw, 2560px\" \/><\/figure>\n\n\n\n<ul class=\"wp-block-list\"><li>Organisation d<strong>\u2019un deuxi\u00e8me stage National Jeunes<\/strong> en mars 1998.<\/li><\/ul>\n\n\n\n<figure class=\"wp-block-image size-large\"><img loading=\"lazy\" decoding=\"async\" width=\"2560\" height=\"1442\" src=\"http:\/\/crkdrpaysdelaloire.fr\/wp-content\/uploads\/2021\/11\/N\u00b012-Stage-National-Jeunes-mars-1998-edited-scaled.jpg\" alt=\"\" class=\"wp-image-1314\" srcset=\"https:\/\/crkdrpaysdelaloire.fr\/wp-content\/uploads\/2021\/11\/N\u00b012-Stage-National-Jeunes-mars-1998-edited-scaled.jpg 2560w, https:\/\/crkdrpaysdelaloire.fr\/wp-content\/uploads\/2021\/11\/N\u00b012-Stage-National-Jeunes-mars-1998-edited-300x169.jpg 300w, https:\/\/crkdrpaysdelaloire.fr\/wp-content\/uploads\/2021\/11\/N\u00b012-Stage-National-Jeunes-mars-1998-edited-1024x577.jpg 1024w, https:\/\/crkdrpaysdelaloire.fr\/wp-content\/uploads\/2021\/11\/N\u00b012-Stage-National-Jeunes-mars-1998-edited-768x432.jpg 768w, https:\/\/crkdrpaysdelaloire.fr\/wp-content\/uploads\/2021\/11\/N\u00b012-Stage-National-Jeunes-mars-1998-edited-1536x865.jpg 1536w, https:\/\/crkdrpaysdelaloire.fr\/wp-content\/uploads\/2021\/11\/N\u00b012-Stage-National-Jeunes-mars-1998-edited-2048x1153.jpg 2048w, https:\/\/crkdrpaysdelaloire.fr\/wp-content\/uploads\/2021\/11\/N\u00b012-Stage-National-Jeunes-mars-1998-edited-1568x883.jpg 1568w\" sizes=\"auto, (max-width: 2560px) 100vw, 2560px\" \/><\/figure>\n\n\n\n<ul class=\"wp-block-list\"><li>Organisation du <strong>CHAMPIONNAT D\u2019EUROPE \u00e0 NANTES <\/strong>les 19\/20\/21 avril 2002.cf Dossier Championnat d\u2019EUROPE NANTES 2002<\/li><\/ul>\n\n\n\n<ul class=\"wp-block-list\"><li><strong>De deux stages Nationaux de Ia\u00efdo coupl\u00e9s avec deux stages Interr\u00e9gionaux de Kendo<\/strong>&nbsp;:&nbsp;28\/29\/30 mars 2003<\/li><\/ul>\n\n\n\n<p>STAGE de &nbsp;Kendo avec SHIIBA Sense\u00ef 8<sup>\u00e8me<\/sup> dan Hanshi pour le Kendo et avec KISHIMOTO Sense\u00ef 8<sup>\u00e8me<\/sup> dan Hanshi pour le Ia\u00efdo<\/p>\n\n\n\n<p>20\/21\/22 f\u00e9vrier 2004<strong><\/strong><\/p>\n\n\n\n<p>STAGE&nbsp; Kendo avec FUDJIWARA Sense\u00ef 7<sup>\u00e8me<\/sup> dan Kyoshi&nbsp; et &nbsp;avec FUJITA Sense\u00ef 8<sup>\u00e8me<\/sup> dan Hanshi pour le Ia\u00efdo.<\/p>\n\n\n\n<div class=\"wp-block-image\"><figure class=\"aligncenter size-large\"><img loading=\"lazy\" decoding=\"async\" width=\"724\" height=\"1024\" src=\"http:\/\/crkdrpaysdelaloire.fr\/wp-content\/uploads\/2021\/11\/N\u00b013-FUJIWARA-Sensei-FUDJITA-Sensei-Fevrier-2004-724x1024.jpg\" alt=\"\" class=\"wp-image-1317\" srcset=\"https:\/\/crkdrpaysdelaloire.fr\/wp-content\/uploads\/2021\/11\/N\u00b013-FUJIWARA-Sensei-FUDJITA-Sensei-Fevrier-2004-724x1024.jpg 724w, https:\/\/crkdrpaysdelaloire.fr\/wp-content\/uploads\/2021\/11\/N\u00b013-FUJIWARA-Sensei-FUDJITA-Sensei-Fevrier-2004-212x300.jpg 212w, https:\/\/crkdrpaysdelaloire.fr\/wp-content\/uploads\/2021\/11\/N\u00b013-FUJIWARA-Sensei-FUDJITA-Sensei-Fevrier-2004-768x1086.jpg 768w, https:\/\/crkdrpaysdelaloire.fr\/wp-content\/uploads\/2021\/11\/N\u00b013-FUJIWARA-Sensei-FUDJITA-Sensei-Fevrier-2004-1086x1536.jpg 1086w, https:\/\/crkdrpaysdelaloire.fr\/wp-content\/uploads\/2021\/11\/N\u00b013-FUJIWARA-Sensei-FUDJITA-Sensei-Fevrier-2004-1448x2048.jpg 1448w, https:\/\/crkdrpaysdelaloire.fr\/wp-content\/uploads\/2021\/11\/N\u00b013-FUJIWARA-Sensei-FUDJITA-Sensei-Fevrier-2004-1568x2218.jpg 1568w, https:\/\/crkdrpaysdelaloire.fr\/wp-content\/uploads\/2021\/11\/N\u00b013-FUJIWARA-Sensei-FUDJITA-Sensei-Fevrier-2004-scaled.jpg 1810w\" sizes=\"auto, (max-width: 724px) 100vw, 724px\" \/><\/figure><\/div>\n\n\n\n<ul class=\"wp-block-list\"><li><strong>Du 1<sup>er<\/sup> OPEN DES PAYS DE LA LOIRE INTERNATIONAL<\/strong> avec une \u00e9quipe Anglaise F\u00e9vrier 2005<\/li><\/ul>\n<\/div>\n<\/div>\n\n\n\n<figure class=\"wp-block-image size-large\"><img loading=\"lazy\" decoding=\"async\" width=\"724\" height=\"1024\" src=\"http:\/\/crkdrpaysdelaloire.fr\/wp-content\/uploads\/2021\/11\/N\u00b014-1er-OPEN-PDL-International-2005-724x1024.jpg\" alt=\"\" class=\"wp-image-1318\" srcset=\"https:\/\/crkdrpaysdelaloire.fr\/wp-content\/uploads\/2021\/11\/N\u00b014-1er-OPEN-PDL-International-2005-724x1024.jpg 724w, https:\/\/crkdrpaysdelaloire.fr\/wp-content\/uploads\/2021\/11\/N\u00b014-1er-OPEN-PDL-International-2005-212x300.jpg 212w, https:\/\/crkdrpaysdelaloire.fr\/wp-content\/uploads\/2021\/11\/N\u00b014-1er-OPEN-PDL-International-2005-768x1086.jpg 768w, https:\/\/crkdrpaysdelaloire.fr\/wp-content\/uploads\/2021\/11\/N\u00b014-1er-OPEN-PDL-International-2005-1086x1536.jpg 1086w, https:\/\/crkdrpaysdelaloire.fr\/wp-content\/uploads\/2021\/11\/N\u00b014-1er-OPEN-PDL-International-2005-1448x2048.jpg 1448w, https:\/\/crkdrpaysdelaloire.fr\/wp-content\/uploads\/2021\/11\/N\u00b014-1er-OPEN-PDL-International-2005-1568x2218.jpg 1568w, https:\/\/crkdrpaysdelaloire.fr\/wp-content\/uploads\/2021\/11\/N\u00b014-1er-OPEN-PDL-International-2005-scaled.jpg 1810w\" sizes=\"auto, (max-width: 724px) 100vw, 724px\" \/><\/figure>\n","protected":false},"excerpt":{"rendered":"<p>Avant la cr\u00e9ation administrative de la CRKDR des Pays de la Loire au mois d\u2019Ao\u00fbt 1985 lors du 1er stage international de Kendo organis\u00e9 \u00e0 Fontenay le Comte par le Kendo Club Lillois, la r\u00e9gion connaissait d\u00e9j\u00e0 la pratique du Kendo gr\u00e2ce \u00e0 quelques pionniers : Premi\u00e8re organisation dans les Pays de la Loire d\u2019une<a class=\"more-link\" href=\"https:\/\/crkdrpaysdelaloire.fr\/index.php\/home\/historique-de-la-crkdr\/\">Lire la suite <span class=\"screen-reader-text\">\u00ab\u00a0Nos pionniers\u00a0\u00bb<\/span><\/a><\/p>\n","protected":false},"author":2,"featured_media":0,"parent":9,"menu_order":1,"comment_status":"closed","ping_status":"closed","template":"","meta":{"footnotes":""},"class_list":["post-297","page","type-page","status-publish","hentry","entry"],"yoast_head":"<!-- This site is optimized with the Yoast SEO plugin v27.4 - https:\/\/yoast.com\/product\/yoast-seo-wordpress\/ -->\n<title>Nos pionniers -<\/title>\n<meta name=\"robots\" content=\"index, follow, max-snippet:-1, max-image-preview:large, max-video-preview:-1\" \/>\n<link rel=\"canonical\" href=\"https:\/\/crkdrpaysdelaloire.fr\/index.php\/home\/historique-de-la-crkdr\/\" \/>\n<meta property=\"og:locale\" content=\"fr_FR\" \/>\n<meta property=\"og:type\" content=\"article\" \/>\n<meta property=\"og:title\" content=\"Nos pionniers -\" \/>\n<meta property=\"og:description\" content=\"Avant la cr\u00e9ation administrative de la CRKDR des Pays de la Loire au mois d\u2019Ao\u00fbt 1985 lors du 1er stage international de Kendo organis\u00e9 \u00e0 Fontenay le Comte par le Kendo Club Lillois, la r\u00e9gion connaissait d\u00e9j\u00e0 la pratique du Kendo gr\u00e2ce \u00e0 quelques pionniers : Premi\u00e8re organisation dans les Pays de la Loire d\u2019uneLire la suite &quot;Nos pionniers&quot;\" \/>\n<meta property=\"og:url\" content=\"https:\/\/crkdrpaysdelaloire.fr\/index.php\/home\/historique-de-la-crkdr\/\" \/>\n<meta property=\"article:publisher\" content=\"https:\/\/www.facebook.com\/crkdr.paysdelaloire\/\" \/>\n<meta property=\"article:modified_time\" content=\"2021-11-16T20:58:58+00:00\" \/>\n<meta name=\"twitter:card\" content=\"summary_large_image\" \/>\n<meta name=\"twitter:label1\" content=\"Dur\u00e9e de lecture estim\u00e9e\" \/>\n\t<meta name=\"twitter:data1\" content=\"5 minutes\" \/>\n<script type=\"application\/ld+json\" class=\"yoast-schema-graph\">{\"@context\":\"https:\\\/\\\/schema.org\",\"@graph\":[{\"@type\":\"WebPage\",\"@id\":\"https:\\\/\\\/crkdrpaysdelaloire.fr\\\/index.php\\\/home\\\/historique-de-la-crkdr\\\/\",\"url\":\"https:\\\/\\\/crkdrpaysdelaloire.fr\\\/index.php\\\/home\\\/historique-de-la-crkdr\\\/\",\"name\":\"Nos pionniers -\",\"isPartOf\":{\"@id\":\"https:\\\/\\\/crkdrpaysdelaloire.fr\\\/#website\"},\"datePublished\":\"2021-04-29T20:46:09+00:00\",\"dateModified\":\"2021-11-16T20:58:58+00:00\",\"breadcrumb\":{\"@id\":\"https:\\\/\\\/crkdrpaysdelaloire.fr\\\/index.php\\\/home\\\/historique-de-la-crkdr\\\/#breadcrumb\"},\"inLanguage\":\"fr-FR\",\"potentialAction\":[{\"@type\":\"ReadAction\",\"target\":[\"https:\\\/\\\/crkdrpaysdelaloire.fr\\\/index.php\\\/home\\\/historique-de-la-crkdr\\\/\"]}]},{\"@type\":\"BreadcrumbList\",\"@id\":\"https:\\\/\\\/crkdrpaysdelaloire.fr\\\/index.php\\\/home\\\/historique-de-la-crkdr\\\/#breadcrumb\",\"itemListElement\":[{\"@type\":\"ListItem\",\"position\":1,\"name\":\"Accueil\",\"item\":\"https:\\\/\\\/crkdrpaysdelaloire.fr\\\/\"},{\"@type\":\"ListItem\",\"position\":2,\"name\":\"Bienvenue en Pays de la Loire\",\"item\":\"https:\\\/\\\/crkdrpaysdelaloire.fr\\\/\"},{\"@type\":\"ListItem\",\"position\":3,\"name\":\"Nos pionniers\"}]},{\"@type\":\"WebSite\",\"@id\":\"https:\\\/\\\/crkdrpaysdelaloire.fr\\\/#website\",\"url\":\"https:\\\/\\\/crkdrpaysdelaloire.fr\\\/\",\"name\":\"CRK PdL\",\"description\":\"\",\"publisher\":{\"@id\":\"https:\\\/\\\/crkdrpaysdelaloire.fr\\\/#organization\"},\"potentialAction\":[{\"@type\":\"SearchAction\",\"target\":{\"@type\":\"EntryPoint\",\"urlTemplate\":\"https:\\\/\\\/crkdrpaysdelaloire.fr\\\/?s={search_term_string}\"},\"query-input\":{\"@type\":\"PropertyValueSpecification\",\"valueRequired\":true,\"valueName\":\"search_term_string\"}}],\"inLanguage\":\"fr-FR\"},{\"@type\":\"Organization\",\"@id\":\"https:\\\/\\\/crkdrpaysdelaloire.fr\\\/#organization\",\"name\":\"Comit\u00e9 R\u00e9gional de Kendo des Pays de la Loire\",\"url\":\"https:\\\/\\\/crkdrpaysdelaloire.fr\\\/\",\"logo\":{\"@type\":\"ImageObject\",\"inLanguage\":\"fr-FR\",\"@id\":\"https:\\\/\\\/crkdrpaysdelaloire.fr\\\/#\\\/schema\\\/logo\\\/image\\\/\",\"url\":\"http:\\\/\\\/crkdrpaysdelaloire.fr\\\/wp-content\\\/uploads\\\/2021\\\/09\\\/2021-08-25-cnkdrpdl-logo-declinaison-CMJN_LOGO-CMJN-WEB.png\",\"contentUrl\":\"http:\\\/\\\/crkdrpaysdelaloire.fr\\\/wp-content\\\/uploads\\\/2021\\\/09\\\/2021-08-25-cnkdrpdl-logo-declinaison-CMJN_LOGO-CMJN-WEB.png\",\"width\":180,\"height\":180,\"caption\":\"Comit\u00e9 R\u00e9gional de Kendo des Pays de la Loire\"},\"image\":{\"@id\":\"https:\\\/\\\/crkdrpaysdelaloire.fr\\\/#\\\/schema\\\/logo\\\/image\\\/\"},\"sameAs\":[\"https:\\\/\\\/www.facebook.com\\\/crkdr.paysdelaloire\\\/\"]}]}<\/script>\n<!-- \/ Yoast SEO plugin. -->","yoast_head_json":{"title":"Nos pionniers -","robots":{"index":"index","follow":"follow","max-snippet":"max-snippet:-1","max-image-preview":"max-image-preview:large","max-video-preview":"max-video-preview:-1"},"canonical":"https:\/\/crkdrpaysdelaloire.fr\/index.php\/home\/historique-de-la-crkdr\/","og_locale":"fr_FR","og_type":"article","og_title":"Nos pionniers -","og_description":"Avant la cr\u00e9ation administrative de la CRKDR des Pays de la Loire au mois d\u2019Ao\u00fbt 1985 lors du 1er stage international de Kendo organis\u00e9 \u00e0 Fontenay le Comte par le Kendo Club Lillois, la r\u00e9gion connaissait d\u00e9j\u00e0 la pratique du Kendo gr\u00e2ce \u00e0 quelques pionniers : Premi\u00e8re organisation dans les Pays de la Loire d\u2019uneLire la suite \"Nos pionniers\"","og_url":"https:\/\/crkdrpaysdelaloire.fr\/index.php\/home\/historique-de-la-crkdr\/","article_publisher":"https:\/\/www.facebook.com\/crkdr.paysdelaloire\/","article_modified_time":"2021-11-16T20:58:58+00:00","twitter_card":"summary_large_image","twitter_misc":{"Dur\u00e9e de lecture estim\u00e9e":"5 minutes"},"schema":{"@context":"https:\/\/schema.org","@graph":[{"@type":"WebPage","@id":"https:\/\/crkdrpaysdelaloire.fr\/index.php\/home\/historique-de-la-crkdr\/","url":"https:\/\/crkdrpaysdelaloire.fr\/index.php\/home\/historique-de-la-crkdr\/","name":"Nos pionniers -","isPartOf":{"@id":"https:\/\/crkdrpaysdelaloire.fr\/#website"},"datePublished":"2021-04-29T20:46:09+00:00","dateModified":"2021-11-16T20:58:58+00:00","breadcrumb":{"@id":"https:\/\/crkdrpaysdelaloire.fr\/index.php\/home\/historique-de-la-crkdr\/#breadcrumb"},"inLanguage":"fr-FR","potentialAction":[{"@type":"ReadAction","target":["https:\/\/crkdrpaysdelaloire.fr\/index.php\/home\/historique-de-la-crkdr\/"]}]},{"@type":"BreadcrumbList","@id":"https:\/\/crkdrpaysdelaloire.fr\/index.php\/home\/historique-de-la-crkdr\/#breadcrumb","itemListElement":[{"@type":"ListItem","position":1,"name":"Accueil","item":"https:\/\/crkdrpaysdelaloire.fr\/"},{"@type":"ListItem","position":2,"name":"Bienvenue en Pays de la Loire","item":"https:\/\/crkdrpaysdelaloire.fr\/"},{"@type":"ListItem","position":3,"name":"Nos pionniers"}]},{"@type":"WebSite","@id":"https:\/\/crkdrpaysdelaloire.fr\/#website","url":"https:\/\/crkdrpaysdelaloire.fr\/","name":"CRK PdL","description":"","publisher":{"@id":"https:\/\/crkdrpaysdelaloire.fr\/#organization"},"potentialAction":[{"@type":"SearchAction","target":{"@type":"EntryPoint","urlTemplate":"https:\/\/crkdrpaysdelaloire.fr\/?s={search_term_string}"},"query-input":{"@type":"PropertyValueSpecification","valueRequired":true,"valueName":"search_term_string"}}],"inLanguage":"fr-FR"},{"@type":"Organization","@id":"https:\/\/crkdrpaysdelaloire.fr\/#organization","name":"Comit\u00e9 R\u00e9gional de Kendo des Pays de la Loire","url":"https:\/\/crkdrpaysdelaloire.fr\/","logo":{"@type":"ImageObject","inLanguage":"fr-FR","@id":"https:\/\/crkdrpaysdelaloire.fr\/#\/schema\/logo\/image\/","url":"http:\/\/crkdrpaysdelaloire.fr\/wp-content\/uploads\/2021\/09\/2021-08-25-cnkdrpdl-logo-declinaison-CMJN_LOGO-CMJN-WEB.png","contentUrl":"http:\/\/crkdrpaysdelaloire.fr\/wp-content\/uploads\/2021\/09\/2021-08-25-cnkdrpdl-logo-declinaison-CMJN_LOGO-CMJN-WEB.png","width":180,"height":180,"caption":"Comit\u00e9 R\u00e9gional de Kendo des Pays de la Loire"},"image":{"@id":"https:\/\/crkdrpaysdelaloire.fr\/#\/schema\/logo\/image\/"},"sameAs":["https:\/\/www.facebook.com\/crkdr.paysdelaloire\/"]}]}},"jetpack_sharing_enabled":true,"_links":{"self":[{"href":"https:\/\/crkdrpaysdelaloire.fr\/index.php\/wp-json\/wp\/v2\/pages\/297","targetHints":{"allow":["GET"]}}],"collection":[{"href":"https:\/\/crkdrpaysdelaloire.fr\/index.php\/wp-json\/wp\/v2\/pages"}],"about":[{"href":"https:\/\/crkdrpaysdelaloire.fr\/index.php\/wp-json\/wp\/v2\/types\/page"}],"author":[{"embeddable":true,"href":"https:\/\/crkdrpaysdelaloire.fr\/index.php\/wp-json\/wp\/v2\/users\/2"}],"replies":[{"embeddable":true,"href":"https:\/\/crkdrpaysdelaloire.fr\/index.php\/wp-json\/wp\/v2\/comments?post=297"}],"version-history":[{"count":1,"href":"https:\/\/crkdrpaysdelaloire.fr\/index.php\/wp-json\/wp\/v2\/pages\/297\/revisions"}],"predecessor-version":[{"id":1319,"href":"https:\/\/crkdrpaysdelaloire.fr\/index.php\/wp-json\/wp\/v2\/pages\/297\/revisions\/1319"}],"up":[{"embeddable":true,"href":"https:\/\/crkdrpaysdelaloire.fr\/index.php\/wp-json\/wp\/v2\/pages\/9"}],"wp:attachment":[{"href":"https:\/\/crkdrpaysdelaloire.fr\/index.php\/wp-json\/wp\/v2\/media?parent=297"}],"curies":[{"name":"wp","href":"https:\/\/api.w.org\/{rel}","templated":true}]}}